
{"id":436,"date":"2019-06-02T17:56:32","date_gmt":"2019-06-02T15:56:32","guid":{"rendered":"http:\/\/procanyoningcazorla.es\/procanyoningcazorla\/?page_id=436"},"modified":"2022-03-24T19:05:32","modified_gmt":"2022-03-24T18:05:32","slug":"barranquismo-en-la-cerrada-del-rio-guadalentin-pantano-de-la-bolera","status":"publish","type":"page","link":"https:\/\/procanyoningcazorla.es\/procanyoningcazorla\/barranquismo\/barranquismo-en-la-cerrada-del-rio-guadalentin-pantano-de-la-bolera\/","title":{"rendered":"Barranquismo en la Cerrada del R\u00edo Guadalent\u00edn (Pantano de la Bolera)"},"content":{"rendered":"\n<p><strong>El Barranco del Rio Guadalent\u00edn<\/strong> en la Sierra del Pozo (Cazorla, Segura y las Villas) es afluente del Guadalquivir, que nace al pie de las Sierra de la Cabrilla, en el paraje de 7 fuentes.<br>Pocos kil\u00f3metros m\u00e1s abajo sus aguas se remansan en el embalse de la bolera. Desde su presa se inicia el ca\u00f1\u00f3n por el que se realizamos el descenso actualmente.<\/p>\n\n\n\n<p><br>La erosi\u00f3n del rio ha excavado las rocas durante siglos hasta formar los cortados y paredes que podremos observar durante todo el recorrido. El barranco de la Bolera es \u00fanico por sus formaciones rocosas y por el juego y la diversi\u00f3n que ofrece.<br><br>Fauna- La existencia de estos cortados supone un interesante reclamo para especies de aves rup\u00edcolas, las cuales puedes observar y escuchar en este recorrido .La tranquilidad del lugar y la masa Forestal tambi\u00e9n atraen a otras especies.<br>Flora.- La flora tambi\u00e9n atrae a otras especies de car\u00e1cter m\u00e1s forestal . Dominan en este sendero pinares, en alg\u00fan caso mezclados con enebros y abundante representaci\u00f3n de matorral.<br><br><\/p>\n\n\n\n<p class=\"has-medium-font-size\"><strong>Nivel 2 &#8211; Medio<\/strong><\/p>\n\n\n\n<p>\u2013<strong>M\u00ednimo de participante<\/strong>: 2<\/p>\n\n\n\n<p>\u2013<strong>Tiempo de la actividad:<\/strong>&nbsp;media jornada.<\/p>\n\n\n\n<p>\u2013<strong>Disponibilidad<\/strong>: 20 de marzo a novienbre.<\/p>\n\n\n\n<p>\u2013<strong>Precio:<\/strong>&nbsp;50\u20ac<\/p>\n\n\n\n<p>\u2013<strong>Nivel T\u00e9cnico<\/strong>: medio<\/p>\n\n\n\n<p>\u2013<strong>Nivel del los participante<\/strong>: medio<\/p>\n\n\n\n<p>\u2013<strong>Incluimos<\/strong>: gu\u00edas y monitores titulados, seguro de responsabilidad civil, seguro de accidentes,&nbsp;<strong>con opci\u00f3n <\/strong>de reportaje fotogr\u00e1fico(consultar con la empresa).<\/p>\n\n\n\n<p>\u2013<strong>Material obligatorio para los participaste:<\/strong>&nbsp;calzado con cordones o botas de trekking con buen agarre, ba\u00f1ador,chanclas, toalla, ropa de cambio, documentaci\u00f3n personal.<\/p>\n\n\n\n<p><strong>-Material aportado por la empresa:<\/strong>&nbsp;traje de neopreno de 5 mm, escarpines de neopreno, casco, arn\u00e9s, descensor, cuerdas, mochilas, mosquetones.<\/p>\n\n\n\n<p>\u2013<strong>Consejos:<\/strong>&nbsp;si tenemos lente de contacto, traer alg\u00fan tipo de sujeci\u00f3n y si usas lentillas unas gafas de buceo es lo ideal, para los que tienen el pelo largo hacer una trenza.<\/p>\n\n\n\n<p><br><\/p>\n\n\n\n<iframe loading=\"lazy\" src=\"https:\/\/www.youtube.com\/embed\/ZQ8c-OcyayI\" allow=\"accelerometer; autoplay; encrypted-media; gyroscope; picture-in-picture\" allowfullscreen=\"\" width=\"900\" height=\"350\" frameborder=\"0\"><\/iframe>\n\n\n\n\n<style type=\"text\/css\" scoped>.rbs_gallery_69ee1478ae9c8Spinner{\r\n\t\t\t\tmargin: 50px auto;\r\n\t\t\t\twidth: 50px;\r\n\t\t\t\theight: 40px;\r\n\t\t\t\ttext-align: center;\r\n\t\t\t\tfont-size: 10px;\r\n\t\t\t}\r\n\t\t\t.rbs_gallery_69ee1478ae9c8Spinner > div{\r\n\t\t\t  background-color: #333;\r\n\t\t\t  height: 100%;\r\n\t\t\t  width: 6px;\r\n\t\t\t  display: inline-block;\r\n\t\t\t  -webkit-animation: rbs_gallery_69ee1478ae9c8-stretchdelay 1.2s infinite ease-in-out;\r\n\t\t\t  animation: rbs_gallery_69ee1478ae9c8-stretchdelay 1.2s infinite ease-in-out;\r\n\t\t\t}\r\n\t\t\t.rbs_gallery_69ee1478ae9c8Spinner .rbs_gallery_69ee1478ae9c8Rect2 {\r\n\t\t\t  -webkit-animation-delay: -1.1s;\r\n\t\t\t  animation-delay: -1.1s;\r\n\t\t\t}\r\n\t\t\t.rbs_gallery_69ee1478ae9c8Spinner .rbs_gallery_69ee1478ae9c8Rect3 {\r\n\t\t\t  -webkit-animation-delay: -1.0s;\r\n\t\t\t  animation-delay: -1.0s;\r\n\t\t\t}\r\n\t\t\t.rbs_gallery_69ee1478ae9c8Spinner .rbs_gallery_69ee1478ae9c8Rect4 {\r\n\t\t\t  -webkit-animation-delay: -0.9s;\r\n\t\t\t  animation-delay: -0.9s;\r\n\t\t\t}\r\n\t\t\t.rbs_gallery_69ee1478ae9c8Spinner .rbs_gallery_69ee1478ae9c8Rect5 {\r\n\t\t\t  -webkit-animation-delay: -0.8s;\r\n\t\t\t  animation-delay: -0.8s;\r\n\t\t\t}\r\n\t\t\t@-webkit-keyframes rbs_gallery_69ee1478ae9c8-stretchdelay {\r\n\t\t\t  0%, 40%, 100% { -webkit-transform: scaleY(0.4) }  \r\n\t\t\t  20% { -webkit-transform: scaleY(1.0) }\r\n\t\t\t}\r\n\t\t\t@keyframes rbs_gallery_69ee1478ae9c8-stretchdelay {\r\n\t\t\t  0%, 40%, 100% { \r\n\t\t\t    transform: scaleY(0.4);\r\n\t\t\t    -webkit-transform: scaleY(0.4);\r\n\t\t\t  }  20% { \r\n\t\t\t    transform: scaleY(1.0);\r\n\t\t\t    -webkit-transform: scaleY(1.0);\r\n\t\t\t  }\r\n\t\t\t}\r\n\t\t<\/style><div class=\"robo-gallery-wrap robo-gallery-wrap-id1288 robo-gallery-masonry\" ><div id=\"rbs_gallery_69ee1478ae9c8-block-loader\" class=\"rbs_gallery_69ee1478ae9c8Spinner\"><div class=\"rbs_gallery_69ee1478ae9c8Rect1\"><\/div> <div class=\"rbs_gallery_69ee1478ae9c8Rect2\"><\/div> <div class=\"rbs_gallery_69ee1478ae9c8Rect3\"><\/div> <div class=\"rbs_gallery_69ee1478ae9c8Rect4\"><\/div> <div class=\"rbs_gallery_69ee1478ae9c8Rect5\"><\/div><\/div><div id=\"robo_gallery_main_block_rbs_gallery_69ee1478ae9c8\" class=\"robogallery-gallery-1288\" style=\"width:100%;  display: none;\"><div id=\"rbs_gallery_69ee1478ae9c8\" data-options=\"rbs_gallery_69ee1478ae9c8\" style=\"width:100%;\" class=\"robo_gallery  \"><div class=\"rbs-img  category1288 \" ><div class=\"rbs-img-image   rbs-lightbox \" ><div class=\"rbs-img-thumbs\"  data-thumbnail=\"https:\/\/i0.wp.com\/procanyoningcazorla.es\/procanyoningcazorla\/wp-content\/uploads\/2022\/03\/IMG-20220130-WA0021.jpg?resize=600%2C1024&#038;ssl=1\"  title=\"Barranco de la Bolera\"  data-width=\"600\"  data-height=\"1024\" ><\/div><div class=\"rbs-img-data-popup\"  data-popup=\"https:\/\/procanyoningcazorla.es\/procanyoningcazorla\/wp-content\/uploads\/2022\/03\/IMG-20220130-WA0021.jpg\"  title=\"Barranco de la Bolera\" ><\/div><div class=\"thumbnail-overlay\"><div class=\"rbsTitle \">Barranco de la Bolera<\/div><div class=\"rbsIcons\"><i class=\"fa fa-plus rbsZoomIcon \" ><\/i><\/div><\/div><\/div><\/div><div class=\"rbs-img  category1288 \" ><div class=\"rbs-img-image   rbs-lightbox \" ><div class=\"rbs-img-thumbs\"  data-thumbnail=\"https:\/\/i0.wp.com\/procanyoningcazorla.es\/procanyoningcazorla\/wp-content\/uploads\/2022\/03\/IMG-20220130-WA0019.jpg?fit=225%2C300&#038;ssl=1\"  title=\"Barranco de la Bolera\"  data-width=\"225\"  data-height=\"300\" ><\/div><div class=\"rbs-img-data-popup\"  data-popup=\"https:\/\/procanyoningcazorla.es\/procanyoningcazorla\/wp-content\/uploads\/2022\/03\/IMG-20220130-WA0019.jpg\"  title=\"Barranco de la Bolera\" ><\/div><div class=\"thumbnail-overlay\"><div class=\"rbsTitle \">Barranco de la Bolera<\/div><div class=\"rbsIcons\"><i class=\"fa fa-plus rbsZoomIcon \" ><\/i><\/div><\/div><\/div><\/div><div class=\"rbs-img  category1288 \" ><div class=\"rbs-img-image   rbs-lightbox \" ><div class=\"rbs-img-thumbs\"  data-thumbnail=\"https:\/\/i0.wp.com\/procanyoningcazorla.es\/procanyoningcazorla\/wp-content\/uploads\/2022\/03\/IMG-20210515-WA0049.jpg?resize=600%2C1024&#038;ssl=1\"  title=\"Barranquismo Cerrada del Guadalentin\"  data-width=\"600\"  data-height=\"1024\" ><\/div><div class=\"rbs-img-data-popup\"  data-popup=\"https:\/\/procanyoningcazorla.es\/procanyoningcazorla\/wp-content\/uploads\/2022\/03\/IMG-20210515-WA0049.jpg\"  title=\"Barranquismo Cerrada del Guadalentin\" ><\/div><div class=\"thumbnail-overlay\"><div class=\"rbsTitle \">Barranquismo Cerrada del Guadalentin<\/div><div class=\"rbsIcons\"><i class=\"fa fa-plus rbsZoomIcon \" ><\/i><\/div><\/div><\/div><\/div><div class=\"rbs-img  category1288 \" ><div class=\"rbs-img-image   rbs-lightbox \" ><div class=\"rbs-img-thumbs\"  data-thumbnail=\"https:\/\/i0.wp.com\/procanyoningcazorla.es\/procanyoningcazorla\/wp-content\/uploads\/2022\/03\/IMG-20210515-WA0048.jpg?resize=600%2C1024&#038;ssl=1\"  title=\"Barranco de la Bolera\"  data-width=\"600\"  data-height=\"1024\" ><\/div><div class=\"rbs-img-data-popup\"  data-popup=\"https:\/\/procanyoningcazorla.es\/procanyoningcazorla\/wp-content\/uploads\/2022\/03\/IMG-20210515-WA0048.jpg\"  title=\"Barranco de la Bolera\" ><\/div><div class=\"thumbnail-overlay\"><div class=\"rbsTitle \">Barranco de la Bolera<\/div><div class=\"rbsIcons\"><i class=\"fa fa-plus rbsZoomIcon \" ><\/i><\/div><\/div><\/div><\/div><div class=\"rbs-img  category1288 \" ><div class=\"rbs-img-image   rbs-lightbox \" ><div class=\"rbs-img-thumbs\"  data-thumbnail=\"https:\/\/i0.wp.com\/procanyoningcazorla.es\/procanyoningcazorla\/wp-content\/uploads\/2022\/03\/IMG-20210515-WA0044.jpg?resize=600%2C1024&#038;ssl=1\"  title=\"Barranco de la Bolera 3\"  data-width=\"600\"  data-height=\"1024\" ><\/div><div class=\"rbs-img-data-popup\"  data-popup=\"https:\/\/procanyoningcazorla.es\/procanyoningcazorla\/wp-content\/uploads\/2022\/03\/IMG-20210515-WA0044.jpg\"  title=\"Barranco de la Bolera 3\" ><\/div><div class=\"thumbnail-overlay\"><div class=\"rbsTitle \">Barranco de la Bolera 3<\/div><div class=\"rbsIcons\"><i class=\"fa fa-plus rbsZoomIcon \" ><\/i><\/div><\/div><\/div><\/div><div class=\"rbs-img  category1288 \" ><div class=\"rbs-img-image   rbs-lightbox \" ><div class=\"rbs-img-thumbs\"  data-thumbnail=\"https:\/\/i0.wp.com\/procanyoningcazorla.es\/procanyoningcazorla\/wp-content\/uploads\/2022\/03\/IMG-20210515-WA0043.jpg?resize=600%2C1024&#038;ssl=1\"  title=\"Casca del Barranco del Guadalentin\"  data-width=\"600\"  data-height=\"1024\" ><\/div><div class=\"rbs-img-data-popup\"  data-popup=\"https:\/\/procanyoningcazorla.es\/procanyoningcazorla\/wp-content\/uploads\/2022\/03\/IMG-20210515-WA0043.jpg\"  title=\"Casca del Barranco del Guadalentin\" ><\/div><div class=\"thumbnail-overlay\"><div class=\"rbsTitle \">Casca del Barranco del Guadalentin<\/div><div class=\"rbsIcons\"><i class=\"fa fa-plus rbsZoomIcon \" ><\/i><\/div><\/div><\/div><\/div><div class=\"rbs-img  category1288 \" ><div class=\"rbs-img-image   rbs-lightbox \" ><div class=\"rbs-img-thumbs\"  data-thumbnail=\"https:\/\/i0.wp.com\/procanyoningcazorla.es\/procanyoningcazorla\/wp-content\/uploads\/2022\/03\/IMG-20210515-WA0042.jpg?fit=200%2C300&#038;ssl=1\"  title=\"Cascada Barranco del Guadalent\u00edn\"  data-width=\"200\"  data-height=\"300\" ><\/div><div class=\"rbs-img-data-popup\"  data-popup=\"https:\/\/procanyoningcazorla.es\/procanyoningcazorla\/wp-content\/uploads\/2022\/03\/IMG-20210515-WA0042.jpg\"  title=\"Cascada Barranco del Guadalent\u00edn\" ><\/div><div class=\"thumbnail-overlay\"><div class=\"rbsTitle \">Cascada Barranco del Guadalent\u00edn<\/div><div class=\"rbsIcons\"><i class=\"fa fa-plus rbsZoomIcon \" ><\/i><\/div><\/div><\/div><\/div><div class=\"rbs-img  category1288 \" ><div class=\"rbs-img-image   rbs-lightbox \" ><div class=\"rbs-img-thumbs\"  data-thumbnail=\"https:\/\/i0.wp.com\/procanyoningcazorla.es\/procanyoningcazorla\/wp-content\/uploads\/2022\/03\/IMG-20210515-WA0039.jpg?resize=600%2C1024&#038;ssl=1\"  title=\"Rapel Guadalent\u00edn\"  data-width=\"600\"  data-height=\"1024\" ><\/div><div class=\"rbs-img-data-popup\"  data-popup=\"https:\/\/procanyoningcazorla.es\/procanyoningcazorla\/wp-content\/uploads\/2022\/03\/IMG-20210515-WA0039.jpg\"  title=\"Rapel Guadalent\u00edn\" ><\/div><div class=\"thumbnail-overlay\"><div class=\"rbsTitle \">Rapel Guadalent\u00edn<\/div><div class=\"rbsIcons\"><i class=\"fa fa-plus rbsZoomIcon \" ><\/i><\/div><\/div><\/div><\/div><div class=\"rbs-img  category1288 \" ><div class=\"rbs-img-image   rbs-lightbox \" ><div class=\"rbs-img-thumbs\"  data-thumbnail=\"https:\/\/i0.wp.com\/procanyoningcazorla.es\/procanyoningcazorla\/wp-content\/uploads\/2022\/03\/IMG-20210515-WA0026.jpg?resize=600%2C1024&#038;ssl=1\"  title=\"Salto poza barranco de la Bolera 2\"  data-width=\"600\"  data-height=\"1024\" ><\/div><div class=\"rbs-img-data-popup\"  data-popup=\"https:\/\/procanyoningcazorla.es\/procanyoningcazorla\/wp-content\/uploads\/2022\/03\/IMG-20210515-WA0026.jpg\"  title=\"Salto poza barranco de la Bolera 2\" ><\/div><div class=\"thumbnail-overlay\"><div class=\"rbsTitle \">Salto poza barranco de la Bolera 2<\/div><div class=\"rbsIcons\"><i class=\"fa fa-plus rbsZoomIcon \" ><\/i><\/div><\/div><\/div><\/div><div class=\"rbs-img  category1288 \" ><div class=\"rbs-img-image   rbs-lightbox \" ><div class=\"rbs-img-thumbs\"  data-thumbnail=\"https:\/\/i0.wp.com\/procanyoningcazorla.es\/procanyoningcazorla\/wp-content\/uploads\/2022\/03\/IMG-20210515-WA0025.jpg?resize=600%2C1024&#038;ssl=1\"  title=\"Barranco del Guadalent\u00edn\"  data-width=\"600\"  data-height=\"1024\" ><\/div><div class=\"rbs-img-data-popup\"  data-popup=\"https:\/\/procanyoningcazorla.es\/procanyoningcazorla\/wp-content\/uploads\/2022\/03\/IMG-20210515-WA0025.jpg\"  title=\"Barranco del Guadalent\u00edn\" ><\/div><div class=\"thumbnail-overlay\"><div class=\"rbsTitle \">Barranco del Guadalent\u00edn<\/div><div class=\"rbsIcons\"><i class=\"fa fa-plus rbsZoomIcon \" ><\/i><\/div><\/div><\/div><\/div><div class=\"rbs-img  category1288 \" ><div class=\"rbs-img-image   rbs-lightbox \" ><div class=\"rbs-img-thumbs\"  data-thumbnail=\"https:\/\/i0.wp.com\/procanyoningcazorla.es\/procanyoningcazorla\/wp-content\/uploads\/2022\/03\/IMG-20210515-WA0022.jpg?fit=300%2C200&#038;ssl=1\"  title=\"Sif\u00f3n Barranco Guadalent\u00edn\"  data-width=\"300\"  data-height=\"200\" ><\/div><div class=\"rbs-img-data-popup\"  data-popup=\"https:\/\/procanyoningcazorla.es\/procanyoningcazorla\/wp-content\/uploads\/2022\/03\/IMG-20210515-WA0022.jpg\"  title=\"Sif\u00f3n Barranco Guadalent\u00edn\" ><\/div><div class=\"thumbnail-overlay\"><div class=\"rbsTitle \">Sif\u00f3n Barranco Guadalent\u00edn<\/div><div class=\"rbsIcons\"><i class=\"fa fa-plus rbsZoomIcon \" ><\/i><\/div><\/div><\/div><\/div><div class=\"rbs-img  category1288 \" ><div class=\"rbs-img-image   rbs-lightbox \" ><div class=\"rbs-img-thumbs\"  data-thumbnail=\"https:\/\/i0.wp.com\/procanyoningcazorla.es\/procanyoningcazorla\/wp-content\/uploads\/2022\/03\/IMG-20210515-WA0015.jpg?resize=600%2C1024&#038;ssl=1\"  title=\"IMG-20210515-WA0015\"  data-width=\"600\"  data-height=\"1024\" ><\/div><div class=\"rbs-img-data-popup\"  data-popup=\"https:\/\/procanyoningcazorla.es\/procanyoningcazorla\/wp-content\/uploads\/2022\/03\/IMG-20210515-WA0015.jpg\"  title=\"IMG-20210515-WA0015\" ><\/div><div class=\"thumbnail-overlay\"><div class=\"rbsTitle \">IMG-20210515-WA0015<\/div><div class=\"rbsIcons\"><i class=\"fa fa-plus rbsZoomIcon \" ><\/i><\/div><\/div><\/div><\/div><div class=\"rbs-img  category1288 \" ><div class=\"rbs-img-image   rbs-lightbox \" ><div class=\"rbs-img-thumbs\"  data-thumbnail=\"https:\/\/i0.wp.com\/procanyoningcazorla.es\/procanyoningcazorla\/wp-content\/uploads\/2022\/03\/IMG-20210515-WA0005.jpg?resize=600%2C1024&#038;ssl=1\"  title=\"IMG-20210515-WA0005\"  data-width=\"600\"  data-height=\"1024\" ><\/div><div class=\"rbs-img-data-popup\"  data-popup=\"https:\/\/procanyoningcazorla.es\/procanyoningcazorla\/wp-content\/uploads\/2022\/03\/IMG-20210515-WA0005.jpg\"  title=\"IMG-20210515-WA0005\" ><\/div><div class=\"thumbnail-overlay\"><div class=\"rbsTitle \">IMG-20210515-WA0005<\/div><div class=\"rbsIcons\"><i class=\"fa fa-plus rbsZoomIcon \" ><\/i><\/div><\/div><\/div><\/div><\/div><\/div><\/div><script>var rbs_gallery_69ee1478ae9c8 = {\"version\":\"3.2.19\",\"id\":1288,\"class\":\"id1288\",\"roboGalleryDelay\":1000,\"mainContainer\":\"#robo_gallery_main_block_rbs_gallery_69ee1478ae9c8\",\"loadingContainer\":\"#rbs_gallery_69ee1478ae9c8-block-loader\",\"loadingContainerObj\":\"rbs_gallery_69ee1478ae9c8-block-loader\",\"columnWidth\":\"auto\",\"columns\":3,\"resolutions\":[{\"columnWidth\":\"auto\",\"columns\":3,\"maxWidth\":960},{\"columnWidth\":\"auto\",\"columns\":2,\"maxWidth\":650},{\"columnWidth\":\"auto\",\"columns\":1,\"maxWidth\":450}],\"lightboxOptions\":{\"gallery\":{\"enabled\":true,\"tCounter\":\"%curr% of %total%\"}},\"overlayEffect\":\"direction-aware-fade\",\"boxesToLoadStart\":12,\"boxesToLoad\":8,\"waitUntilThumbLoads\":1,\"LoadingWord\":\"Loading...\",\"loadMoreWord\":\"Load More\",\"noMoreEntriesWord\":\"No More Entries\",\"horizontalSpaceBetweenBoxes\":15,\"verticalSpaceBetweenBoxes\":15,\"lazyLoad\":1,\"wrapContainer\":\"#robo-gallery-wrap-rbs_gallery_69ee1478ae9c8\"};<\/script>\n\n\n\n\n<p>      <\/p>\n\n\n\n<iframe loading=\"lazy\" width=\"900\" height=\"350\" src=\"https:\/\/www.youtube.com\/embed\/knCpyZYCBiQ\" frameborder=\"0\" allow=\"accelerometer; autoplay; encrypted-media; gyroscope; picture-in-picture\" allowfullscreen=\"\"><\/iframe>\n\n\n\n<p>      <\/p>\n\n\n\n<p class=\"has-text-align-center has-medium-font-size\"> <strong>PRECIO: 50 \u20ac PERSONA<\/strong> <strong><br><\/strong><\/p>\n\n\n\n<div class=\"wp-block-group\"><div class=\"wp-block-group__inner-container is-layout-flow wp-block-group-is-layout-flow\"><\/div><\/div>\n\n\n\n<div class=\"wp-block-button aligncenter\"><a class=\"wp-block-button__link\" href=\"http:\/\/procanyoningcazorla.es\/procanyoningcazorla\/contacto\/\">Reservar<\/a><\/div>\n\n\n\n\n\n<p>      <\/p>\n\n\n\n<p class=\"has-medium-font-size\">\u00bfIndicaciones hasta el inicio de la actividad?<\/p>\n\n\n\n<iframe loading=\"lazy\" src=\"https:\/\/www.google.com\/maps\/embed?pb=!1m18!1m12!1m3!1d2180.887291866884!2d-2.906827906770537!3d37.7613516608677!2m3!1f0!2f0!3f0!3m2!1i1024!2i768!4f13.1!3m3!1m2!1s0xd6fbada0bd0de29%3A0x1a3c85cf4cdd8cd5!2sPantano+de+la+Bolera!5e1!3m2!1ses!2ses!4v1559494015128!5m2!1ses!2ses\" style=\"border:0\" allowfullscreen=\"\" aling=\"center\" width=\"600\" height=\"300\" frameborder=\"0\"><\/iframe>\n\n\n\n<p><\/p>\n","protected":false},"excerpt":{"rendered":"<p>El Barranco del Rio Guadalent\u00edn en la Sierra del Pozo (Cazorla, Segura y las Villas) es afluente del Guadalquivir, que<\/p>\n","protected":false},"author":1,"featured_media":1031,"parent":38,"menu_order":0,"comment_status":"open","ping_status":"closed","template":"","meta":{"_monsterinsights_skip_tracking":false,"_monsterinsights_sitenote_active":false,"_monsterinsights_sitenote_note":"","_monsterinsights_sitenote_category":0,"jetpack_post_was_ever_published":false,"footnotes":""},"class_list":["post-436","page","type-page","status-publish","has-post-thumbnail","hentry"],"aioseo_notices":[],"jetpack_sharing_enabled":true,"_links":{"self":[{"href":"https:\/\/procanyoningcazorla.es\/procanyoningcazorla\/wp-json\/wp\/v2\/pages\/436","targetHints":{"allow":["GET"]}}],"collection":[{"href":"https:\/\/procanyoningcazorla.es\/procanyoningcazorla\/wp-json\/wp\/v2\/pages"}],"about":[{"href":"https:\/\/procanyoningcazorla.es\/procanyoningcazorla\/wp-json\/wp\/v2\/types\/page"}],"author":[{"embeddable":true,"href":"https:\/\/procanyoningcazorla.es\/procanyoningcazorla\/wp-json\/wp\/v2\/users\/1"}],"replies":[{"embeddable":true,"href":"https:\/\/procanyoningcazorla.es\/procanyoningcazorla\/wp-json\/wp\/v2\/comments?post=436"}],"version-history":[{"count":31,"href":"https:\/\/procanyoningcazorla.es\/procanyoningcazorla\/wp-json\/wp\/v2\/pages\/436\/revisions"}],"predecessor-version":[{"id":1293,"href":"https:\/\/procanyoningcazorla.es\/procanyoningcazorla\/wp-json\/wp\/v2\/pages\/436\/revisions\/1293"}],"up":[{"embeddable":true,"href":"https:\/\/procanyoningcazorla.es\/procanyoningcazorla\/wp-json\/wp\/v2\/pages\/38"}],"wp:featuredmedia":[{"embeddable":true,"href":"https:\/\/procanyoningcazorla.es\/procanyoningcazorla\/wp-json\/wp\/v2\/media\/1031"}],"wp:attachment":[{"href":"https:\/\/procanyoningcazorla.es\/procanyoningcazorla\/wp-json\/wp\/v2\/media?parent=436"}],"curies":[{"name":"wp","href":"https:\/\/api.w.org\/{rel}","templated":true}]}}